{"id":1305,"date":"2021-03-22T18:55:58","date_gmt":"2021-03-22T17:55:58","guid":{"rendered":"https:\/\/www.melodygarreau.com\/?page_id=1305"},"modified":"2022-09-15T22:07:26","modified_gmt":"2022-09-15T20:07:26","slug":"doc","status":"publish","type":"page","link":"https:\/\/www.melodygarreau.com\/en\/doc\/","title":{"rendered":"D&#8217;OC"},"content":{"rendered":"[mk_page_section video_loop=&#8221;false&#8221; section_layout=&#8221;left&#8221; full_width=&#8221;true&#8221; full_height=&#8221;true&#8221; padding_top=&#8221;0&#8243; padding_bottom=&#8221;0&#8243; el_class=&#8221;no-fade&#8221; sidebar=&#8221;sidebar-1&#8243;][vc_column][vc_column_text]\n<style type=\"text\/css\">\n.new-royalslider-9 .rsThumbsHor { height:72px; }\n.new-royalslider-9 .rsThumbsVer { width:72px; } \n\t\t\t.new-royalslider-9 .rsThumb { width: 72px; height: 72px; }\n<\/style>\n<div id=\"new-royalslider-9\" class=\"royalSlider new-royalslider-9 rsDefaultInv rsHomeTempl\" style=\"width:80%;height:auto;;\">\n<div class=\"rsContent\">\n  <a class=\"rsImg\" href=\"https:\/\/www.melodygarreau.com\/wp-content\/uploads\/2021\/03\/lu1a5971-1024x682.jpg\">lu1a5971<\/a>\n  <div class=\"rsTmb\"><img src=\"https:\/\/www.melodygarreau.com\/wp-content\/uploads\/2021\/03\/lu1a5971-150x150.jpg\" alt=\"\" \/><\/div>\n  \n  \n<\/div>\n<div class=\"rsContent\">\n  <a class=\"rsImg\" href=\"https:\/\/www.melodygarreau.com\/wp-content\/uploads\/2021\/03\/mg_20-08_midi-pyrenees_34-1024x682.jpg\">mg_20-08_midi-pyrenees_34<\/a>\n  <div class=\"rsTmb\"><img src=\"https:\/\/www.melodygarreau.com\/wp-content\/uploads\/2021\/03\/mg_20-08_midi-pyrenees_34-150x150.jpg\" alt=\"\" \/><\/div>\n  \n  \n<\/div>\n<div class=\"rsContent\">\n  <a class=\"rsImg\" href=\"https:\/\/www.melodygarreau.com\/wp-content\/uploads\/2022\/12\/doc_melodygarreau_05-scaled-683x1024.jpg\">doc_melodygarreau_05<\/a>\n  <div class=\"rsTmb\"><img src=\"https:\/\/www.melodygarreau.com\/wp-content\/uploads\/2022\/12\/doc_melodygarreau_05-150x150.jpg\" alt=\"\" \/><\/div>\n  \n  \n<\/div>\n<div class=\"rsContent\">\n  <a class=\"rsImg\" href=\"https:\/\/www.melodygarreau.com\/wp-content\/uploads\/2021\/03\/lu1a4839-682x1024.jpg\">lu1a4839<\/a>\n  <div class=\"rsTmb\"><img src=\"https:\/\/www.melodygarreau.com\/wp-content\/uploads\/2021\/03\/lu1a4839-150x150.jpg\" alt=\"\" \/><\/div>\n  \n  \n<\/div>\n<div class=\"rsContent\">\n  <a class=\"rsImg\" href=\"https:\/\/www.melodygarreau.com\/wp-content\/uploads\/2022\/12\/doc_melodygarreau_03-copie-scaled-1024x683.jpg\">doc_melodygarreau_03-copie<\/a>\n  <div class=\"rsTmb\"><img src=\"https:\/\/www.melodygarreau.com\/wp-content\/uploads\/2022\/12\/doc_melodygarreau_03-copie-150x150.jpg\" alt=\"\" \/><\/div>\n  \n  \n<\/div>\n<div class=\"rsContent\">\n  <a class=\"rsImg\" href=\"https:\/\/www.melodygarreau.com\/wp-content\/uploads\/2022\/12\/doc_melodygarreau_07-copie-scaled-683x1024.jpg\">doc_melodygarreau_07-copie<\/a>\n  <div class=\"rsTmb\"><img src=\"https:\/\/www.melodygarreau.com\/wp-content\/uploads\/2022\/12\/doc_melodygarreau_07-copie-150x150.jpg\" alt=\"\" \/><\/div>\n  \n  \n<\/div>\n<div class=\"rsContent\">\n  <a class=\"rsImg\" href=\"https:\/\/www.melodygarreau.com\/wp-content\/uploads\/2022\/12\/doc_melodygarreau_16-copie-scaled-683x1024.jpg\">doc_melodygarreau_16-copie<\/a>\n  <div class=\"rsTmb\"><img src=\"https:\/\/www.melodygarreau.com\/wp-content\/uploads\/2022\/12\/doc_melodygarreau_16-copie-150x150.jpg\" alt=\"\" \/><\/div>\n  \n  \n<\/div>\n<div class=\"rsContent\">\n  <a class=\"rsImg\" href=\"https:\/\/www.melodygarreau.com\/wp-content\/uploads\/2021\/03\/mg_20-08_midi-pyrenees_03-1024x682.jpg\">mg_20-08_midi-pyrenees_03<\/a>\n  <div class=\"rsTmb\"><img src=\"https:\/\/www.melodygarreau.com\/wp-content\/uploads\/2021\/03\/mg_20-08_midi-pyrenees_03-150x150.jpg\" alt=\"\" \/><\/div>\n  \n  \n<\/div>\n<div class=\"rsContent\">\n  <a class=\"rsImg\" href=\"https:\/\/www.melodygarreau.com\/wp-content\/uploads\/2021\/03\/lu1a4336-1024x682.jpg\">lu1a4336<\/a>\n  <div class=\"rsTmb\"><img src=\"https:\/\/www.melodygarreau.com\/wp-content\/uploads\/2021\/03\/lu1a4336-150x150.jpg\" alt=\"\" \/><\/div>\n  \n  \n<\/div>\n<div class=\"rsContent\">\n  <a class=\"rsImg\" href=\"https:\/\/www.melodygarreau.com\/wp-content\/uploads\/2022\/12\/doc_melodygarreau_11-scaled-1024x683.jpg\">doc_melodygarreau_11<\/a>\n  <div class=\"rsTmb\"><img src=\"https:\/\/www.melodygarreau.com\/wp-content\/uploads\/2022\/12\/doc_melodygarreau_11-150x150.jpg\" alt=\"\" \/><\/div>\n  \n  \n<\/div>\n<div class=\"rsContent\">\n  <a class=\"rsImg\" href=\"https:\/\/www.melodygarreau.com\/wp-content\/uploads\/2021\/03\/mg_20-08_midi-pyrenees_38-1024x682.jpg\">mg_20-08_midi-pyrenees_38<\/a>\n  <div class=\"rsTmb\"><img src=\"https:\/\/www.melodygarreau.com\/wp-content\/uploads\/2021\/03\/mg_20-08_midi-pyrenees_38-150x150.jpg\" alt=\"\" \/><\/div>\n  \n  \n<\/div>\n<div class=\"rsContent\">\n  <a class=\"rsImg\" href=\"https:\/\/www.melodygarreau.com\/wp-content\/uploads\/2022\/12\/doc_melodygarreau_15-copie-scaled-683x1024.jpg\">doc_melodygarreau_15-copie<\/a>\n  <div class=\"rsTmb\"><img src=\"https:\/\/www.melodygarreau.com\/wp-content\/uploads\/2022\/12\/doc_melodygarreau_15-copie-150x150.jpg\" alt=\"\" \/><\/div>\n  \n  \n<\/div>\n<div class=\"rsContent\">\n  <a class=\"rsImg\" href=\"https:\/\/www.melodygarreau.com\/wp-content\/uploads\/2021\/03\/mg_20-08_midi-pyrenees_24-1024x682.jpg\">mg_20-08_midi-pyrenees_24<\/a>\n  <div class=\"rsTmb\"><img src=\"https:\/\/www.melodygarreau.com\/wp-content\/uploads\/2021\/03\/mg_20-08_midi-pyrenees_24-150x150.jpg\" alt=\"\" \/><\/div>\n  \n  \n<\/div>\n\n<\/div>\n[\/vc_column_text][mk_button dimension=&#8221;flat&#8221; url=&#8221;#&#8221; align=&#8221;center&#8221; id=&#8221;bouton-text&#8221; margin_bottom=&#8221;0&#8243; margin_right=&#8221;0&#8243;]READ[\/mk_button][mk_button dimension=&#8221;flat&#8221; url=&#8221;#&#8221; align=&#8221;center&#8221; id=&#8221;bouton-close&#8221; margin_bottom=&#8221;0&#8243; margin_right=&#8221;0&#8243;]X[\/mk_button][vc_column_text el_class=&#8221;text&#8221;]\n<p style=\"text-align: center;\">D&#8217;OC<\/p>\n<p>&nbsp;<\/p>\n<p>Cette s\u00e9rie est le fruit d&#8217;une r\u00e9sidence photographique sur les canaux d&#8217;Occitanie, r\u00e9alis\u00e9e en partenariat avec C\u00e9T\u00e0VOIR et Mediapart.<br \/>\nUne r\u00e9sidence comme une invitation au voyage\u00a0le long de ces canaux.<br \/>\nA pieds, en deux roues ou sur l&#8217;eau je suis leur cours, dans le sillage des rencontres.<br \/>\nJ&#8217;ai souhait\u00e9 t\u00e9moigner de ceux et celles qui composent cette histoire, prennent ses couleurs et ses reflets \u00e0 cet environnement\u00a0pittoresque.<\/p>\n<p>&nbsp;<\/p>\n<p>Le soleil perce. La brume se dissipe. Je croise un p\u00eacheur naturiste qui se faufile entre les arbres et les touristes.<br \/>\nPlus loin, les jeunes de Castelnaudary se retrouvent \u00e0 l&#8217;ombre, sur les berges du canal\u00a0du Midi. Baignade et d\u00e9tente sous la chaleur \u00e9crasante du mois d&#8217;ao\u00fbt.<\/p>\n<p>&nbsp;<\/p>\n<p>Au petit matin, Robert, verre de blanc \u00e0 la main, m&#8217;invite sur son ancien bateau de poste. J&#8217;embarque. Au fil de l&#8217;eau, il me d\u00e9roule l&#8217;histoire de ce bateau qu&#8217;il a construit lui-m\u00eame.<\/p>\n<p>&nbsp;<\/p>\n<p>La p\u00e9niche de Samuel, batelier qui transporte comme autrefois des marchandises via le r\u00e9seau fluvial, moyen de transport usit\u00e9 jusqu&#8217;\u00e0 la fin des ann\u00e9es 80.<br \/>\nIci le pr\u00e9sent se m\u00eale au pass\u00e9 comme les troncs d&#8217;un m\u00eame arbre pour \u00e9crire une histoire singuli\u00e8re, un po\u00e8me.<\/p>\n<p>&nbsp;<\/p>\n<p>Le canal. Fil tendu entre deux rives. Point d&#8217;ancrage. Amarre.<\/p>\n<p>&nbsp;<\/p>\n<p>T\u00e9moin du temps qui passe,\u00a0de mondes qui se juxtaposent\u00a0; en amont\u00a0l&#8217;enseigne d&#8217;EuroPark, parc forain qui attire les foules depuis plus de trente ans, en aval\u00a0les Aresquiers, cet authentique village de p\u00eacheurs menac\u00e9 de destruction.<\/p>\n<p>&nbsp;<\/p>\n<p>C&#8217;est un paysage qui fa\u00e7onne autant qu&#8217;on le fa\u00e7onne<b>.\u00a0<\/b>Un ma\u00e7on du canal choisit de me donner sa main \u00e0 photographier, en guise de portrait\u00a0: une enclume burin\u00e9e par le temps et le soleil. Plus loin,\u00a0s&#8217;\u00e9tire\u00a0l&#8217;ombre douce des platanes, vou\u00e9e \u00e0 dispara\u00eetre, attaqu\u00e9e par le chancre color\u00e9.<\/p>\n<p>&nbsp;<\/p>\n<p>Une mosa\u00efque de visages et d&#8217;ambiances \u00e9mergents au gr\u00e9 de ces m\u00e9andres pour former un patrimoine unique. Ici on habite, on se divertit,\u00a0on s\u2019\u00e9vade. Ces canaux\u00a0sont une entit\u00e9 vivante o\u00f9 l&#8217;histoire de chacun s&#8217;inscrit en creux dans le paysage pour \u00e9crire une histoire commune. J&#8217;ai voulu t\u00e9moigner\u00a0de\u00a0ce foisonnement\u00a0autour des poumons de l&#8217;Occitanie.[\/vc_column_text][\/vc_column][\/mk_page_section]\n","protected":false},"excerpt":{"rendered":"<p>[mk_page_section video_loop=&#8221;false&#8221; section_layout=&#8221;left&#8221; full_width=&#8221;true&#8221; full_height=&#8221;true&#8221; padding_top=&#8221;0&#8243; padding_bottom=&#8221;0&#8243; el_class=&#8221;no-fade&#8221; sidebar=&#8221;sidebar-1&#8243;][vc_column][vc_column_text][\/vc_column_text][mk_button dimension=&#8221;flat&#8221; url=&#8221;#&#8221; align=&#8221;center&#8221; id=&#8221;bouton-text&#8221; margin_bottom=&#8221;0&#8243; margin_right=&#8221;0&#8243;]READ[\/mk_button][mk_button dimension=&#8221;flat&#8221; url=&#8221;#&#8221; align=&#8221;center&#8221; id=&#8221;bouton-close&#8221; margin_bottom=&#8221;0&#8243; margin_right=&#8221;0&#8243;]X[\/mk_button][vc_column_text el_class=&#8221;text&#8221;] D&#8217;OC &nbsp; Cette s\u00e9rie est le fruit d&#8217;une r\u00e9sidence photographique sur les canaux d&#8217;Occitanie, r\u00e9alis\u00e9e en partenariat avec C\u00e9T\u00e0VOIR et Mediapart. Une r\u00e9sidence comme une invitation au voyage\u00a0le long de ces canaux. A [&hellip;]<\/p>\n","protected":false},"author":3,"featured_media":1310,"parent":0,"menu_order":0,"comment_status":"closed","ping_status":"closed","template":"","meta":[],"yoast_head":"<!-- This site is optimized with the Yoast SEO plugin v21.8.1 - https:\/\/yoast.com\/wordpress\/plugins\/seo\/ -->\n<title>D&#039;OC - Melody Garreau<\/title>\n<meta name=\"description\" content=\"S\u00e9rie r\u00e9alis\u00e9e dans le cadre d\u2019une r\u00e9sidence photographique sur la r\u00e9gion d\u2019Occitanie.\u00a0Accompagn\u00e9 de mes deux roues t\u00e9moigne de ceux qui flottent autour des territoires des canaux de l\u2019Occitane.\" \/>\n<meta name=\"robots\" content=\"index, follow, max-snippet:-1, max-image-preview:large, max-video-preview:-1\" \/>\n<link rel=\"canonical\" href=\"https:\/\/www.melodygarreau.com\/en\/doc\/\" \/>\n<meta property=\"og:locale\" content=\"en_US\" \/>\n<meta property=\"og:type\" content=\"article\" \/>\n<meta property=\"og:title\" content=\"D&#039;OC - Melody Garreau\" \/>\n<meta property=\"og:description\" content=\"S\u00e9rie r\u00e9alis\u00e9e dans le cadre d\u2019une r\u00e9sidence photographique sur la r\u00e9gion d\u2019Occitanie.\u00a0Accompagn\u00e9 de mes deux roues t\u00e9moigne de ceux qui flottent autour des territoires des canaux de l\u2019Occitane.\" \/>\n<meta property=\"og:url\" content=\"https:\/\/www.melodygarreau.com\/en\/doc\/\" \/>\n<meta property=\"og:site_name\" content=\"Melody Garreau\" \/>\n<meta property=\"article:modified_time\" content=\"2022-09-15T20:07:26+00:00\" \/>\n<meta property=\"og:image\" content=\"https:\/\/www.melodygarreau.com\/wp-content\/uploads\/2021\/03\/mg_20-08_midi-pyrenees_02.jpg\" \/>\n\t<meta property=\"og:image:width\" content=\"1280\" \/>\n\t<meta property=\"og:image:height\" content=\"853\" \/>\n\t<meta property=\"og:image:type\" content=\"image\/jpeg\" \/>\n<meta name=\"twitter:card\" content=\"summary_large_image\" \/>\n<meta name=\"twitter:label1\" content=\"Est. reading time\" \/>\n\t<meta name=\"twitter:data1\" content=\"2 minutes\" \/>\n<script type=\"application\/ld+json\" class=\"yoast-schema-graph\">{\"@context\":\"https:\/\/schema.org\",\"@graph\":[{\"@type\":\"WebPage\",\"@id\":\"https:\/\/www.melodygarreau.com\/en\/doc\/\",\"url\":\"https:\/\/www.melodygarreau.com\/en\/doc\/\",\"name\":\"D'OC - Melody Garreau\",\"isPartOf\":{\"@id\":\"https:\/\/www.melodygarreau.com\/fr\/#website\"},\"datePublished\":\"2021-03-22T17:55:58+00:00\",\"dateModified\":\"2022-09-15T20:07:26+00:00\",\"description\":\"S\u00e9rie r\u00e9alis\u00e9e dans le cadre d\u2019une r\u00e9sidence photographique sur la r\u00e9gion d\u2019Occitanie.\u00a0Accompagn\u00e9 de mes deux roues t\u00e9moigne de ceux qui flottent autour des territoires des canaux de l\u2019Occitane.\",\"breadcrumb\":{\"@id\":\"https:\/\/www.melodygarreau.com\/en\/doc\/#breadcrumb\"},\"inLanguage\":\"en-US\",\"potentialAction\":[{\"@type\":\"ReadAction\",\"target\":[\"https:\/\/www.melodygarreau.com\/en\/doc\/\"]}]},{\"@type\":\"BreadcrumbList\",\"@id\":\"https:\/\/www.melodygarreau.com\/en\/doc\/#breadcrumb\",\"itemListElement\":[{\"@type\":\"ListItem\",\"position\":1,\"name\":\"Accueil\",\"item\":\"https:\/\/www.melodygarreau.com\/en\/\"},{\"@type\":\"ListItem\",\"position\":2,\"name\":\"D&#8217;OC\"}]},{\"@type\":\"WebSite\",\"@id\":\"https:\/\/www.melodygarreau.com\/fr\/#website\",\"url\":\"https:\/\/www.melodygarreau.com\/fr\/\",\"name\":\"Melody Garreau\",\"description\":\"Photographe\",\"potentialAction\":[{\"@type\":\"SearchAction\",\"target\":{\"@type\":\"EntryPoint\",\"urlTemplate\":\"https:\/\/www.melodygarreau.com\/fr\/?s={search_term_string}\"},\"query-input\":\"required name=search_term_string\"}],\"inLanguage\":\"en-US\"}]}<\/script>\n<!-- \/ Yoast SEO plugin. -->","yoast_head_json":{"title":"D'OC - Melody Garreau","description":"S\u00e9rie r\u00e9alis\u00e9e dans le cadre d\u2019une r\u00e9sidence photographique sur la r\u00e9gion d\u2019Occitanie.\u00a0Accompagn\u00e9 de mes deux roues t\u00e9moigne de ceux qui flottent autour des territoires des canaux de l\u2019Occitane.","robots":{"index":"index","follow":"follow","max-snippet":"max-snippet:-1","max-image-preview":"max-image-preview:large","max-video-preview":"max-video-preview:-1"},"canonical":"https:\/\/www.melodygarreau.com\/en\/doc\/","og_locale":"en_US","og_type":"article","og_title":"D'OC - Melody Garreau","og_description":"S\u00e9rie r\u00e9alis\u00e9e dans le cadre d\u2019une r\u00e9sidence photographique sur la r\u00e9gion d\u2019Occitanie.\u00a0Accompagn\u00e9 de mes deux roues t\u00e9moigne de ceux qui flottent autour des territoires des canaux de l\u2019Occitane.","og_url":"https:\/\/www.melodygarreau.com\/en\/doc\/","og_site_name":"Melody Garreau","article_modified_time":"2022-09-15T20:07:26+00:00","og_image":[{"width":1280,"height":853,"url":"https:\/\/www.melodygarreau.com\/wp-content\/uploads\/2021\/03\/mg_20-08_midi-pyrenees_02.jpg","type":"image\/jpeg"}],"twitter_card":"summary_large_image","twitter_misc":{"Est. reading time":"2 minutes"},"schema":{"@context":"https:\/\/schema.org","@graph":[{"@type":"WebPage","@id":"https:\/\/www.melodygarreau.com\/en\/doc\/","url":"https:\/\/www.melodygarreau.com\/en\/doc\/","name":"D'OC - Melody Garreau","isPartOf":{"@id":"https:\/\/www.melodygarreau.com\/fr\/#website"},"datePublished":"2021-03-22T17:55:58+00:00","dateModified":"2022-09-15T20:07:26+00:00","description":"S\u00e9rie r\u00e9alis\u00e9e dans le cadre d\u2019une r\u00e9sidence photographique sur la r\u00e9gion d\u2019Occitanie.\u00a0Accompagn\u00e9 de mes deux roues t\u00e9moigne de ceux qui flottent autour des territoires des canaux de l\u2019Occitane.","breadcrumb":{"@id":"https:\/\/www.melodygarreau.com\/en\/doc\/#breadcrumb"},"inLanguage":"en-US","potentialAction":[{"@type":"ReadAction","target":["https:\/\/www.melodygarreau.com\/en\/doc\/"]}]},{"@type":"BreadcrumbList","@id":"https:\/\/www.melodygarreau.com\/en\/doc\/#breadcrumb","itemListElement":[{"@type":"ListItem","position":1,"name":"Accueil","item":"https:\/\/www.melodygarreau.com\/en\/"},{"@type":"ListItem","position":2,"name":"D&#8217;OC"}]},{"@type":"WebSite","@id":"https:\/\/www.melodygarreau.com\/fr\/#website","url":"https:\/\/www.melodygarreau.com\/fr\/","name":"Melody Garreau","description":"Photographe","potentialAction":[{"@type":"SearchAction","target":{"@type":"EntryPoint","urlTemplate":"https:\/\/www.melodygarreau.com\/fr\/?s={search_term_string}"},"query-input":"required name=search_term_string"}],"inLanguage":"en-US"}]}},"_links":{"self":[{"href":"https:\/\/www.melodygarreau.com\/en\/wp-json\/wp\/v2\/pages\/1305"}],"collection":[{"href":"https:\/\/www.melodygarreau.com\/en\/wp-json\/wp\/v2\/pages"}],"about":[{"href":"https:\/\/www.melodygarreau.com\/en\/wp-json\/wp\/v2\/types\/page"}],"author":[{"embeddable":true,"href":"https:\/\/www.melodygarreau.com\/en\/wp-json\/wp\/v2\/users\/3"}],"replies":[{"embeddable":true,"href":"https:\/\/www.melodygarreau.com\/en\/wp-json\/wp\/v2\/comments?post=1305"}],"version-history":[{"count":23,"href":"https:\/\/www.melodygarreau.com\/en\/wp-json\/wp\/v2\/pages\/1305\/revisions"}],"predecessor-version":[{"id":1617,"href":"https:\/\/www.melodygarreau.com\/en\/wp-json\/wp\/v2\/pages\/1305\/revisions\/1617"}],"wp:featuredmedia":[{"embeddable":true,"href":"https:\/\/www.melodygarreau.com\/en\/wp-json\/wp\/v2\/media\/1310"}],"wp:attachment":[{"href":"https:\/\/www.melodygarreau.com\/en\/wp-json\/wp\/v2\/media?parent=1305"}],"curies":[{"name":"wp","href":"https:\/\/api.w.org\/{rel}","templated":true}]}}